{"version":"1.0","type":"rich","width":"560px","height":"140px","title":"Warum Claner vielleicht doch nicht so \u00fcberlegen sind. - Heute sprechen wir \u00fcber die Claner und die Innere Sp\u00e4hre und warum die Claner vielleicht doch nicht so \u00fcberlegen sind, oder doch?\r\n\r\nDanke an Hoshi und Olli f\u00fcr die Expertise","url":"https:\/\/battlepod.derdickepreusse.de\/zwischenfolge-warum-claner-vielleicht-doch-nicht-so-ueberlegen-sind\/","author_name":"Battlepod - Der Podcast \u00fcber Battletech","author_url":"https:\/\/battlepod.derdickepreusse.de","thumbnail_url":"https:\/\/battlepod.derdickepreusse.de\/wp-content\/uploads\/sites\/2\/2019\/01\/battlepod-logo3000x3000.jpg","html":"<iframe width=\"560px\" height=\"140px\" src=\"https:\/\/battlepod.derdickepreusse.de\/zwischenfolge-warum-claner-vielleicht-doch-nicht-so-ueberlegen-sind\/?standalonePlayer\"><\/iframe>"}